{"id":11379,"date":"2025-08-18T10:24:03","date_gmt":"2025-08-18T08:24:03","guid":{"rendered":"https:\/\/preweb.artyplan.com\/emmagatzematge-picking-i-logistica\/"},"modified":"2025-12-16T14:55:12","modified_gmt":"2025-12-16T12:55:12","slug":"emmagatzematge-picking-i-logistica","status":"publish","type":"page","link":"https:\/\/artyplan.com\/ca\/emmagatzematge-picking-i-logistica\/","title":{"rendered":"Emmagatzematge, picking i log\u00edstica"},"content":{"rendered":"\t\t<div data-elementor-type=\"wp-page\" data-elementor-id=\"11379\" class=\"elementor elementor-11379 elementor-2638\" data-elementor-post-type=\"page\">\n\t\t\t\t<main class=\"elementor-element elementor-element-86b9d08 e-con-full e-flex e-con e-parent\" data-id=\"86b9d08\" data-element_type=\"container\" data-e-type=\"container\">\n\t\t<div class=\"elementor-element elementor-element-5d46198 e-con-full e-flex e-con e-child\" data-id=\"5d46198\" data-element_type=\"container\" data-e-type=\"container\">\n\t\t<div class=\"elementor-element elementor-element-f2cbe60 e-flex e-con-boxed e-con e-child\" data-id=\"f2cbe60\" data-element_type=\"container\" data-e-type=\"container\">\n\t\t\t\t\t<div class=\"e-con-inner\">\n\t\t\t\t<div class=\"elementor-element elementor-element-d86ae0e elementor-widget elementor-widget-heading\" data-id=\"d86ae0e\" data-element_type=\"widget\" data-e-type=\"widget\" data-widget_type=\"heading.default\">\n\t\t\t\t<div class=\"elementor-widget-container\">\n\t\t\t\t\t<h1 class=\"elementor-heading-title elementor-size-default\">Emmagatzematge, picking i log\u00edstica<\/h1>\t\t\t\t<\/div>\n\t\t\t\t<\/div>\n\t\t\t\t<div class=\"elementor-element elementor-element-1907e46 elementor-widget elementor-widget-breadcrumbs\" data-id=\"1907e46\" data-element_type=\"widget\" data-e-type=\"widget\" data-widget_type=\"breadcrumbs.default\">\n\t\t\t\t<div class=\"elementor-widget-container\">\n\t\t\t\t\t<p id=\"breadcrumbs\"><span><span><a href=\"https:\/\/artyplan.com\/ca\/\">Artyplan<\/a><\/span><\/span><\/p>\t\t\t\t<\/div>\n\t\t\t\t<\/div>\n\t\t\t\t\t<\/div>\n\t\t\t\t<\/div>\n\t\t\t\t<\/div>\n\t\t<section class=\"elementor-element elementor-element-9dcb8ed e-flex e-con-boxed e-con e-child\" data-id=\"9dcb8ed\" data-element_type=\"container\" data-e-type=\"container\">\n\t\t\t\t\t<div class=\"e-con-inner\">\n\t\t<div class=\"elementor-element elementor-element-51fde90 e-con-full e-flex e-con e-child\" data-id=\"51fde90\" data-element_type=\"container\" data-e-type=\"container\">\n\t\t\t\t<div class=\"elementor-element elementor-element-91cb633 elementor-widget elementor-widget-text-editor\" data-id=\"91cb633\" data-element_type=\"widget\" data-e-type=\"widget\" data-widget_type=\"text-editor.default\">\n\t\t\t\t<div class=\"elementor-widget-container\">\n\t\t\t\t\t\t\t\t\t<p><span class=\"TextRun SCXW201658814 BCX0\" lang=\"ES-ES\" xml:lang=\"ES-ES\" data-contrast=\"auto\">Disposem d\u2019un ERP vertical de desenvolupament propi i d\u2019un servei log\u00edstic integral d\u2019\u00e0mbit estatal per a l\u2019emmagatzematge, el picking i la distribuci\u00f3 o instal\u00b7laci\u00f3 dels nostres productes, integrant-nos amb les plataformes tecnol\u00f2giques del client. <\/span><span class=\"EOP SCXW201658814 BCX0\" data-ccp-props=\"{\"335559738\":240,\"335559739\":240}\"> <\/span><\/p>\t\t\t\t\t\t\t\t<\/div>\n\t\t\t\t<\/div>\n\t\t\t\t<\/div>\n\t\t<div class=\"elementor-element elementor-element-ea3469d e-con-full e-flex e-con e-child\" data-id=\"ea3469d\" data-element_type=\"container\" data-e-type=\"container\" data-settings=\"{&quot;background_background&quot;:&quot;slideshow&quot;,&quot;background_slideshow_gallery&quot;:[{&quot;id&quot;:12593,&quot;url&quot;:&quot;https:\\\/\\\/artyplan.com\\\/wp-content\\\/uploads\\\/2025\\\/11\\\/nuestras-instalaciones.png&quot;}],&quot;background_slideshow_loop&quot;:&quot;yes&quot;,&quot;background_slideshow_slide_duration&quot;:5000,&quot;background_slideshow_slide_transition&quot;:&quot;fade&quot;,&quot;background_slideshow_transition_duration&quot;:500}\">\n\t\t\t\t<\/div>\n\t\t\t\t\t<\/div>\n\t\t\t\t<\/section>\n\t\t<section class=\"elementor-element elementor-element-b82a8e6 e-flex e-con-boxed e-con e-child\" data-id=\"b82a8e6\" data-element_type=\"container\" data-e-type=\"container\" data-settings=\"{&quot;background_background&quot;:&quot;classic&quot;}\">\n\t\t\t\t\t<div class=\"e-con-inner\">\n\t\t\t\t<div class=\"elementor-element elementor-element-48bd2b7 elementor-widget elementor-widget-text-editor\" data-id=\"48bd2b7\" data-element_type=\"widget\" data-e-type=\"widget\" data-widget_type=\"text-editor.default\">\n\t\t\t\t<div class=\"elementor-widget-container\">\n\t\t\t\t\t\t\t\t\t<p style=\"text-align: center;\">D\u2019aquesta manera podr\u00e0s sol\u00b7licitar la impressi\u00f3 d\u2019una determinada quantitat de material i <b>emmagatzemar<\/b><span data-contrast=\"auto\"> unes quantes unitats; nosaltres ens n\u2019encarreguem de la gesti\u00f3. Quan necessitis part d\u2019aquest material, pr\u00e8via sol\u00b7licitud, fem el  <\/span><span data-contrast=\"auto\">picking i la distribuci\u00f3 del mateix al punt que ens indiquis.picking i la distribuci\u00f3 del mateix al punt que ens indiquis.<\/span><span data-ccp-props=\"{\"335559738\":240,\"335559739\":240}\"> <\/span><\/p><p style=\"text-align: center;\">Per a l\u2019enviament del material, triem la millor soluci\u00f3 <b>d\u2019embalatge i transport<\/b><span data-contrast=\"auto\"> per garantir que els lliuraments arribin en el termini acordat i en perfectes condicions. I, finalment, si cal, fem la  <\/span>instal\u00b7laci\u00f3 <b>del material a c\u00e0rrec del nostre equip de professionals.<\/b><span data-ccp-props=\"{\"335559738\":240,\"335559739\":240}\"> <\/span><\/p>\t\t\t\t\t\t\t\t<\/div>\n\t\t\t\t<\/div>\n\t\t\t\t\t<\/div>\n\t\t\t\t<\/section>\n\t\t<div class=\"elementor-element elementor-element-ac6a954 e-con-full e-flex e-con e-child\" data-id=\"ac6a954\" data-element_type=\"container\" data-e-type=\"container\">\n\t\t<div class=\"elementor-element elementor-element-fb78456 e-con-full e-flex e-con e-child\" data-id=\"fb78456\" data-element_type=\"container\" data-e-type=\"container\" data-settings=\"{&quot;background_background&quot;:&quot;slideshow&quot;,&quot;background_slideshow_gallery&quot;:[{&quot;id&quot;:12592,&quot;url&quot;:&quot;https:\\\/\\\/artyplan.com\\\/wp-content\\\/uploads\\\/2025\\\/11\\\/almacenamiento.jpg&quot;}],&quot;background_slideshow_loop&quot;:&quot;yes&quot;,&quot;background_slideshow_slide_duration&quot;:5000,&quot;background_slideshow_slide_transition&quot;:&quot;fade&quot;,&quot;background_slideshow_transition_duration&quot;:500}\">\n\t\t\t\t<\/div>\n\t\t<div class=\"elementor-element elementor-element-d542570 e-con-full e-flex e-con e-child\" data-id=\"d542570\" data-element_type=\"container\" data-e-type=\"container\" data-settings=\"{&quot;background_background&quot;:&quot;slideshow&quot;,&quot;background_slideshow_gallery&quot;:[{&quot;id&quot;:12591,&quot;url&quot;:&quot;https:\\\/\\\/artyplan.com\\\/wp-content\\\/uploads\\\/2025\\\/11\\\/picking.png&quot;}],&quot;background_slideshow_loop&quot;:&quot;yes&quot;,&quot;background_slideshow_slide_duration&quot;:5000,&quot;background_slideshow_slide_transition&quot;:&quot;fade&quot;,&quot;background_slideshow_transition_duration&quot;:500}\">\n\t\t\t\t<\/div>\n\t\t<div class=\"elementor-element elementor-element-1222087 e-con-full e-flex e-con e-child\" data-id=\"1222087\" data-element_type=\"container\" data-e-type=\"container\" data-settings=\"{&quot;background_background&quot;:&quot;slideshow&quot;,&quot;background_slideshow_gallery&quot;:[{&quot;id&quot;:12590,&quot;url&quot;:&quot;https:\\\/\\\/artyplan.com\\\/wp-content\\\/uploads\\\/2025\\\/11\\\/picking-artyplan.png&quot;}],&quot;background_slideshow_loop&quot;:&quot;yes&quot;,&quot;background_slideshow_slide_duration&quot;:5000,&quot;background_slideshow_slide_transition&quot;:&quot;fade&quot;,&quot;background_slideshow_transition_duration&quot;:500}\">\n\t\t\t\t<\/div>\n\t\t\t\t<\/div>\n\t\t\t\t<\/main>\n\t\t\t\t<\/div>\n\t\t","protected":false},"excerpt":{"rendered":"<p>Emmagatzematge, picking i log\u00edstica Disposem d\u2019un ERP vertical de desenvolupament propi i d\u2019un servei log\u00edstic integral d\u2019\u00e0mbit estatal per a l\u2019emmagatzematge, el picking i la distribuci\u00f3 o instal\u00b7laci\u00f3 dels nostres productes, integrant-nos amb les plataformes tecnol\u00f2giques del client. D\u2019aquesta manera podr\u00e0s sol\u00b7licitar la impressi\u00f3 d\u2019una determinada quantitat de material i emmagatzemar unes quantes unitats; nosaltres [&hellip;]<\/p>\n","protected":false},"author":3,"featured_media":2658,"parent":11457,"menu_order":0,"comment_status":"closed","ping_status":"closed","template":"elementor_header_footer","meta":{"footnotes":""},"class_list":["post-11379","page","type-page","status-publish","has-post-thumbnail","hentry"],"yoast_head":"<!-- This site is optimized with the Yoast SEO Premium plugin v26.5 (Yoast SEO v26.5) - https:\/\/yoast.com\/wordpress\/plugins\/seo\/ -->\n<title>Emmagatzematge, picking i log\u00edstica - Artyplan<\/title>\n<meta name=\"description\" content=\"Descobreix els nostres serveis d&#039;emmagatzematge i log\u00edstica nacional amb ERP vertical per a una gesti\u00f3 eficient dels teus productes.\" \/>\n<meta name=\"robots\" content=\"index, follow, max-snippet:-1, max-image-preview:large, max-video-preview:-1\" \/>\n<link rel=\"canonical\" href=\"https:\/\/artyplan.com\/ca\/emmagatzematge-picking-i-logistica\/\" \/>\n<meta property=\"og:locale\" content=\"ca_ES\" \/>\n<meta property=\"og:type\" content=\"article\" \/>\n<meta property=\"og:title\" content=\"Emmagatzematge, picking i log\u00edstica\" \/>\n<meta property=\"og:description\" content=\"Descobreix els nostres serveis d&#039;emmagatzematge i log\u00edstica nacional amb ERP vertical per a una gesti\u00f3 eficient dels teus productes.\" \/>\n<meta property=\"og:url\" content=\"https:\/\/artyplan.com\/ca\/emmagatzematge-picking-i-logistica\/\" \/>\n<meta property=\"og:site_name\" content=\"Artyplan\" \/>\n<meta property=\"article:publisher\" content=\"https:\/\/www.facebook.com\/artyplan\" \/>\n<meta property=\"article:modified_time\" content=\"2025-12-16T12:55:12+00:00\" \/>\n<meta property=\"og:image\" content=\"https:\/\/artyplan.com\/wp-content\/uploads\/2025\/08\/20250818_1040_Servicio-Logistico-Integral_simple_compose_01k2y59h43e08apnet8aymhbyr.png\" \/>\n\t<meta property=\"og:image:width\" content=\"1536\" \/>\n\t<meta property=\"og:image:height\" content=\"1024\" \/>\n\t<meta property=\"og:image:type\" content=\"image\/png\" \/>\n<meta name=\"twitter:card\" content=\"summary_large_image\" \/>\n<meta name=\"twitter:label1\" content=\"Temps estimat de lectura\" \/>\n\t<meta name=\"twitter:data1\" content=\"1 minut\" \/>\n<script type=\"application\/ld+json\" class=\"yoast-schema-graph\">{\"@context\":\"https:\/\/schema.org\",\"@graph\":[{\"@type\":\"WebPage\",\"@id\":\"https:\/\/artyplan.com\/ca\/emmagatzematge-picking-i-logistica\/\",\"url\":\"https:\/\/artyplan.com\/ca\/emmagatzematge-picking-i-logistica\/\",\"name\":\"Emmagatzematge, picking i log\u00edstica - Artyplan\",\"isPartOf\":{\"@id\":\"https:\/\/artyplan.com\/ca\/#website\"},\"primaryImageOfPage\":{\"@id\":\"https:\/\/artyplan.com\/ca\/emmagatzematge-picking-i-logistica\/#primaryimage\"},\"image\":{\"@id\":\"https:\/\/artyplan.com\/ca\/emmagatzematge-picking-i-logistica\/#primaryimage\"},\"thumbnailUrl\":\"https:\/\/artyplan.com\/wp-content\/uploads\/2025\/08\/20250818_1040_Servicio-Logistico-Integral_simple_compose_01k2y59h43e08apnet8aymhbyr.png\",\"datePublished\":\"2025-08-18T08:24:03+00:00\",\"dateModified\":\"2025-12-16T12:55:12+00:00\",\"description\":\"Descobreix els nostres serveis d'emmagatzematge i log\u00edstica nacional amb ERP vertical per a una gesti\u00f3 eficient dels teus productes.\",\"breadcrumb\":{\"@id\":\"https:\/\/artyplan.com\/ca\/emmagatzematge-picking-i-logistica\/#breadcrumb\"},\"inLanguage\":\"ca\",\"potentialAction\":[{\"@type\":\"ReadAction\",\"target\":[\"https:\/\/artyplan.com\/ca\/emmagatzematge-picking-i-logistica\/\"]}]},{\"@type\":\"ImageObject\",\"inLanguage\":\"ca\",\"@id\":\"https:\/\/artyplan.com\/ca\/emmagatzematge-picking-i-logistica\/#primaryimage\",\"url\":\"https:\/\/artyplan.com\/wp-content\/uploads\/2025\/08\/20250818_1040_Servicio-Logistico-Integral_simple_compose_01k2y59h43e08apnet8aymhbyr.png\",\"contentUrl\":\"https:\/\/artyplan.com\/wp-content\/uploads\/2025\/08\/20250818_1040_Servicio-Logistico-Integral_simple_compose_01k2y59h43e08apnet8aymhbyr.png\",\"width\":1536,\"height\":1024,\"caption\":\"Servei log\u00edstic integral\"},{\"@type\":\"BreadcrumbList\",\"@id\":\"https:\/\/artyplan.com\/ca\/emmagatzematge-picking-i-logistica\/#breadcrumb\",\"itemListElement\":[{\"@type\":\"ListItem\",\"position\":1,\"name\":\"Artyplan\",\"item\":\"https:\/\/artyplan.com\/ca\/\"},{\"@type\":\"ListItem\",\"position\":2,\"name\":\"Serveis\",\"item\":\"https:\/\/artyplan.com\/ca\/serveis\/\"},{\"@type\":\"ListItem\",\"position\":3,\"name\":\"Emmagatzematge, picking i log\u00edstica\"}]},{\"@type\":\"WebSite\",\"@id\":\"https:\/\/artyplan.com\/ca\/#website\",\"url\":\"https:\/\/artyplan.com\/ca\/\",\"name\":\"Artyplan\",\"description\":\"\",\"publisher\":{\"@id\":\"https:\/\/artyplan.com\/ca\/#organization\"},\"potentialAction\":[{\"@type\":\"SearchAction\",\"target\":{\"@type\":\"EntryPoint\",\"urlTemplate\":\"https:\/\/artyplan.com\/ca\/?s={search_term_string}\"},\"query-input\":{\"@type\":\"PropertyValueSpecification\",\"valueRequired\":true,\"valueName\":\"search_term_string\"}}],\"inLanguage\":\"ca\"},{\"@type\":\"Organization\",\"@id\":\"https:\/\/artyplan.com\/ca\/#organization\",\"name\":\"Artyplan\",\"url\":\"https:\/\/artyplan.com\/ca\/\",\"logo\":{\"@type\":\"ImageObject\",\"inLanguage\":\"ca\",\"@id\":\"https:\/\/artyplan.com\/ca\/#\/schema\/logo\/image\/\",\"url\":\"https:\/\/artyplan.com\/wp-content\/uploads\/2025\/12\/Logo-artyplan-690x690-1.png\",\"contentUrl\":\"https:\/\/artyplan.com\/wp-content\/uploads\/2025\/12\/Logo-artyplan-690x690-1.png\",\"width\":690,\"height\":690,\"caption\":\"Artyplan\"},\"image\":{\"@id\":\"https:\/\/artyplan.com\/ca\/#\/schema\/logo\/image\/\"},\"sameAs\":[\"https:\/\/www.facebook.com\/artyplan\",\"https:\/\/www.instagram.com\/artyplan\/\",\"https:\/\/www.linkedin.com\/company\/artyplan\"],\"description\":\"Artyplan \u00e9s una empresa especialitzada en producci\u00f3 gr\u00e0fica i comunicaci\u00f3 visual amb 60 anys dexperi\u00e8ncia. Oferim solucions integrals d'impressi\u00f3 en gran format, PLV i retail, gesti\u00f3 d'esdeveniments i fires, disseny i fabricaci\u00f3 a mida, log\u00edstica i serveis d'instal\u00b7laci\u00f3 a tot el territori. Treballem per a marques, ag\u00e8ncies, espais comercials i institucions que necessiten un partner fiable per desenvolupar campanyes de m\u00e0rqueting, projectes de retail i accions de branding o m\u00e0rqueting. Combinem tecnologia avan\u00e7ada d\u00b4impressi\u00f3 digital, un equip expert i una gesti\u00f3 completa de projectes per garantir qualitat, agilitat i resultats a mida per a cada client. Disposem de plataformes B2B que faciliten als nostres clients la gesti\u00f3 de les comandes de materials impresos aix\u00ed com la log\u00edstica dels mateixos.\",\"email\":\"info@artyplan.com\",\"telephone\":\"+34 93 200 87 99\",\"legalName\":\"Artyplan S.L.\",\"vatID\":\"B61963229\",\"numberOfEmployees\":{\"@type\":\"QuantitativeValue\",\"minValue\":\"51\",\"maxValue\":\"200\"}}]}<\/script>\n<!-- \/ Yoast SEO Premium plugin. -->","yoast_head_json":{"title":"Emmagatzematge, picking i log\u00edstica - Artyplan","description":"Descobreix els nostres serveis d'emmagatzematge i log\u00edstica nacional amb ERP vertical per a una gesti\u00f3 eficient dels teus productes.","robots":{"index":"index","follow":"follow","max-snippet":"max-snippet:-1","max-image-preview":"max-image-preview:large","max-video-preview":"max-video-preview:-1"},"canonical":"https:\/\/artyplan.com\/ca\/emmagatzematge-picking-i-logistica\/","og_locale":"ca_ES","og_type":"article","og_title":"Emmagatzematge, picking i log\u00edstica","og_description":"Descobreix els nostres serveis d'emmagatzematge i log\u00edstica nacional amb ERP vertical per a una gesti\u00f3 eficient dels teus productes.","og_url":"https:\/\/artyplan.com\/ca\/emmagatzematge-picking-i-logistica\/","og_site_name":"Artyplan","article_publisher":"https:\/\/www.facebook.com\/artyplan","article_modified_time":"2025-12-16T12:55:12+00:00","og_image":[{"width":1536,"height":1024,"url":"https:\/\/artyplan.com\/wp-content\/uploads\/2025\/08\/20250818_1040_Servicio-Logistico-Integral_simple_compose_01k2y59h43e08apnet8aymhbyr.png","type":"image\/png"}],"twitter_card":"summary_large_image","twitter_misc":{"Temps estimat de lectura":"1 minut"},"schema":{"@context":"https:\/\/schema.org","@graph":[{"@type":"WebPage","@id":"https:\/\/artyplan.com\/ca\/emmagatzematge-picking-i-logistica\/","url":"https:\/\/artyplan.com\/ca\/emmagatzematge-picking-i-logistica\/","name":"Emmagatzematge, picking i log\u00edstica - Artyplan","isPartOf":{"@id":"https:\/\/artyplan.com\/ca\/#website"},"primaryImageOfPage":{"@id":"https:\/\/artyplan.com\/ca\/emmagatzematge-picking-i-logistica\/#primaryimage"},"image":{"@id":"https:\/\/artyplan.com\/ca\/emmagatzematge-picking-i-logistica\/#primaryimage"},"thumbnailUrl":"https:\/\/artyplan.com\/wp-content\/uploads\/2025\/08\/20250818_1040_Servicio-Logistico-Integral_simple_compose_01k2y59h43e08apnet8aymhbyr.png","datePublished":"2025-08-18T08:24:03+00:00","dateModified":"2025-12-16T12:55:12+00:00","description":"Descobreix els nostres serveis d'emmagatzematge i log\u00edstica nacional amb ERP vertical per a una gesti\u00f3 eficient dels teus productes.","breadcrumb":{"@id":"https:\/\/artyplan.com\/ca\/emmagatzematge-picking-i-logistica\/#breadcrumb"},"inLanguage":"ca","potentialAction":[{"@type":"ReadAction","target":["https:\/\/artyplan.com\/ca\/emmagatzematge-picking-i-logistica\/"]}]},{"@type":"ImageObject","inLanguage":"ca","@id":"https:\/\/artyplan.com\/ca\/emmagatzematge-picking-i-logistica\/#primaryimage","url":"https:\/\/artyplan.com\/wp-content\/uploads\/2025\/08\/20250818_1040_Servicio-Logistico-Integral_simple_compose_01k2y59h43e08apnet8aymhbyr.png","contentUrl":"https:\/\/artyplan.com\/wp-content\/uploads\/2025\/08\/20250818_1040_Servicio-Logistico-Integral_simple_compose_01k2y59h43e08apnet8aymhbyr.png","width":1536,"height":1024,"caption":"Servei log\u00edstic integral"},{"@type":"BreadcrumbList","@id":"https:\/\/artyplan.com\/ca\/emmagatzematge-picking-i-logistica\/#breadcrumb","itemListElement":[{"@type":"ListItem","position":1,"name":"Artyplan","item":"https:\/\/artyplan.com\/ca\/"},{"@type":"ListItem","position":2,"name":"Serveis","item":"https:\/\/artyplan.com\/ca\/serveis\/"},{"@type":"ListItem","position":3,"name":"Emmagatzematge, picking i log\u00edstica"}]},{"@type":"WebSite","@id":"https:\/\/artyplan.com\/ca\/#website","url":"https:\/\/artyplan.com\/ca\/","name":"Artyplan","description":"","publisher":{"@id":"https:\/\/artyplan.com\/ca\/#organization"},"potentialAction":[{"@type":"SearchAction","target":{"@type":"EntryPoint","urlTemplate":"https:\/\/artyplan.com\/ca\/?s={search_term_string}"},"query-input":{"@type":"PropertyValueSpecification","valueRequired":true,"valueName":"search_term_string"}}],"inLanguage":"ca"},{"@type":"Organization","@id":"https:\/\/artyplan.com\/ca\/#organization","name":"Artyplan","url":"https:\/\/artyplan.com\/ca\/","logo":{"@type":"ImageObject","inLanguage":"ca","@id":"https:\/\/artyplan.com\/ca\/#\/schema\/logo\/image\/","url":"https:\/\/artyplan.com\/wp-content\/uploads\/2025\/12\/Logo-artyplan-690x690-1.png","contentUrl":"https:\/\/artyplan.com\/wp-content\/uploads\/2025\/12\/Logo-artyplan-690x690-1.png","width":690,"height":690,"caption":"Artyplan"},"image":{"@id":"https:\/\/artyplan.com\/ca\/#\/schema\/logo\/image\/"},"sameAs":["https:\/\/www.facebook.com\/artyplan","https:\/\/www.instagram.com\/artyplan\/","https:\/\/www.linkedin.com\/company\/artyplan"],"description":"Artyplan \u00e9s una empresa especialitzada en producci\u00f3 gr\u00e0fica i comunicaci\u00f3 visual amb 60 anys dexperi\u00e8ncia. Oferim solucions integrals d'impressi\u00f3 en gran format, PLV i retail, gesti\u00f3 d'esdeveniments i fires, disseny i fabricaci\u00f3 a mida, log\u00edstica i serveis d'instal\u00b7laci\u00f3 a tot el territori. Treballem per a marques, ag\u00e8ncies, espais comercials i institucions que necessiten un partner fiable per desenvolupar campanyes de m\u00e0rqueting, projectes de retail i accions de branding o m\u00e0rqueting. Combinem tecnologia avan\u00e7ada d\u00b4impressi\u00f3 digital, un equip expert i una gesti\u00f3 completa de projectes per garantir qualitat, agilitat i resultats a mida per a cada client. Disposem de plataformes B2B que faciliten als nostres clients la gesti\u00f3 de les comandes de materials impresos aix\u00ed com la log\u00edstica dels mateixos.","email":"info@artyplan.com","telephone":"+34 93 200 87 99","legalName":"Artyplan S.L.","vatID":"B61963229","numberOfEmployees":{"@type":"QuantitativeValue","minValue":"51","maxValue":"200"}}]}},"_links":{"self":[{"href":"https:\/\/artyplan.com\/ca\/wp-json\/wp\/v2\/pages\/11379","targetHints":{"allow":["GET"]}}],"collection":[{"href":"https:\/\/artyplan.com\/ca\/wp-json\/wp\/v2\/pages"}],"about":[{"href":"https:\/\/artyplan.com\/ca\/wp-json\/wp\/v2\/types\/page"}],"author":[{"embeddable":true,"href":"https:\/\/artyplan.com\/ca\/wp-json\/wp\/v2\/users\/3"}],"replies":[{"embeddable":true,"href":"https:\/\/artyplan.com\/ca\/wp-json\/wp\/v2\/comments?post=11379"}],"version-history":[{"count":18,"href":"https:\/\/artyplan.com\/ca\/wp-json\/wp\/v2\/pages\/11379\/revisions"}],"predecessor-version":[{"id":13386,"href":"https:\/\/artyplan.com\/ca\/wp-json\/wp\/v2\/pages\/11379\/revisions\/13386"}],"up":[{"embeddable":true,"href":"https:\/\/artyplan.com\/ca\/wp-json\/wp\/v2\/pages\/11457"}],"wp:featuredmedia":[{"embeddable":true,"href":"https:\/\/artyplan.com\/ca\/wp-json\/wp\/v2\/media\/2658"}],"wp:attachment":[{"href":"https:\/\/artyplan.com\/ca\/wp-json\/wp\/v2\/media?parent=11379"}],"curies":[{"name":"wp","href":"https:\/\/api.w.org\/{rel}","templated":true}]}}