{"id":11507,"date":"2025-09-08T15:18:32","date_gmt":"2025-09-08T13:18:32","guid":{"rendered":"https:\/\/preweb.artyplan.com\/empresa\/compromis-social\/"},"modified":"2025-11-11T13:19:54","modified_gmt":"2025-11-11T11:19:54","slug":"compromis-social","status":"publish","type":"page","link":"https:\/\/artyplan.com\/ca\/empresa\/compromis-social\/","title":{"rendered":"Comprom\u00eds social"},"content":{"rendered":"\t\t<div data-elementor-type=\"wp-page\" data-elementor-id=\"11507\" class=\"elementor elementor-11507 elementor-8325\" data-elementor-post-type=\"page\">\n\t\t\t\t<main class=\"elementor-element elementor-element-86b9d08 e-con-full e-flex e-con e-parent\" data-id=\"86b9d08\" data-element_type=\"container\" data-e-type=\"container\">\n\t\t<div class=\"elementor-element elementor-element-87ce208 e-con-full e-flex e-con e-child\" data-id=\"87ce208\" data-element_type=\"container\" data-e-type=\"container\">\n\t\t<div class=\"elementor-element elementor-element-d92d830 e-flex e-con-boxed e-con e-child\" data-id=\"d92d830\" data-element_type=\"container\" data-e-type=\"container\">\n\t\t\t\t\t<div class=\"e-con-inner\">\n\t\t\t\t<div class=\"elementor-element elementor-element-9d5fc98 elementor-widget elementor-widget-heading\" data-id=\"9d5fc98\" data-element_type=\"widget\" data-e-type=\"widget\" data-widget_type=\"heading.default\">\n\t\t\t\t<div class=\"elementor-widget-container\">\n\t\t\t\t\t<h1 class=\"elementor-heading-title elementor-size-default\">Comprom\u00eds social<\/h1>\t\t\t\t<\/div>\n\t\t\t\t<\/div>\n\t\t\t\t<div class=\"elementor-element elementor-element-340600e elementor-widget elementor-widget-breadcrumbs\" data-id=\"340600e\" data-element_type=\"widget\" data-e-type=\"widget\" data-widget_type=\"breadcrumbs.default\">\n\t\t\t\t<div class=\"elementor-widget-container\">\n\t\t\t\t\t<p id=\"breadcrumbs\"><span><span><a href=\"https:\/\/artyplan.com\/ca\/\">Artyplan<\/a><\/span><\/span><\/p>\t\t\t\t<\/div>\n\t\t\t\t<\/div>\n\t\t\t\t\t<\/div>\n\t\t\t\t<\/div>\n\t\t\t\t<\/div>\n\t\t<section class=\"elementor-element elementor-element-9dcb8ed e-flex e-con-boxed e-con e-child\" data-id=\"9dcb8ed\" data-element_type=\"container\" data-e-type=\"container\">\n\t\t\t\t\t<div class=\"e-con-inner\">\n\t\t<div class=\"elementor-element elementor-element-51fde90 e-con-full e-flex e-con e-child\" data-id=\"51fde90\" data-element_type=\"container\" data-e-type=\"container\">\n\t\t\t\t<div class=\"elementor-element elementor-element-91cb633 elementor-widget elementor-widget-text-editor\" data-id=\"91cb633\" data-element_type=\"widget\" data-e-type=\"widget\" data-widget_type=\"text-editor.default\">\n\t\t\t\t<div class=\"elementor-widget-container\">\n\t\t\t\t\t\t\t\t\t<p style=\"text-align: center;\">Des d\u2019Artyplan volem deixar empremta, no nom\u00e9s com a professionals dins del sector de la impremta, sin\u00f3 tamb\u00e9 a la nostra societat. Per aquest motiu, tenim molt clar el nostre suport a iniciatives que enriqueixin la nostra comunitat i reforcin el teixit cultural. <\/p><p style=\"text-align: center;\">Sabem que les sinergies amb organismes, institucions i entitats per dur a terme projectes ens permeten contribuir a una millora cultural i social, tant a nivell individual com en el seu conjunt.<\/p><p style=\"text-align: center;\">Un comprom\u00eds ecol\u00f2gic durant tot el proc\u00e9s de producci\u00f3, amb la maquin\u00e0ria i les tintes utilitzades, que no emeten compostos org\u00e0nics vol\u00e0tils (COV), i tamb\u00e9 amb els<br>materials sostenibles, certificats de menor impacte ambiental, que posem a disposici\u00f3 dels clients.<\/p>\t\t\t\t\t\t\t\t<\/div>\n\t\t\t\t<\/div>\n\t\t\t\t<div class=\"elementor-element elementor-element-9b16780 elementor-widget elementor-widget-heading\" data-id=\"9b16780\" data-element_type=\"widget\" data-e-type=\"widget\" data-widget_type=\"heading.default\">\n\t\t\t\t<div class=\"elementor-widget-container\">\n\t\t\t\t\t<h2 class=\"elementor-heading-title elementor-size-default\">A continuaci\u00f3, algunes de les empreses i entitats amb qu\u00e8 col\u00b7laborem a nivell social:<\/h2>\t\t\t\t<\/div>\n\t\t\t\t<\/div>\n\t\t\t\t<\/div>\n\t\t\t\t\t<\/div>\n\t\t\t\t<\/section>\n\t\t<div class=\"elementor-element elementor-element-f759835 e-flex e-con-boxed e-con e-child\" data-id=\"f759835\" data-element_type=\"container\" data-e-type=\"container\" data-settings=\"{&quot;background_background&quot;:&quot;classic&quot;}\">\n\t\t\t\t\t<div class=\"e-con-inner\">\n\t\t<article class=\"elementor-element elementor-element-f009971 e-con-full e-flex e-con e-child\" data-id=\"f009971\" data-element_type=\"container\" data-e-type=\"container\">\n\t\t\t\t<div class=\"elementor-element elementor-element-f8b8642 elementor-position-top elementor-widget elementor-widget-image-box\" data-id=\"f8b8642\" data-element_type=\"widget\" data-e-type=\"widget\" data-widget_type=\"image-box.default\">\n\t\t\t\t<div class=\"elementor-widget-container\">\n\t\t\t\t\t<div class=\"elementor-image-box-wrapper\"><figure class=\"elementor-image-box-img\"><img fetchpriority=\"high\" decoding=\"async\" width=\"751\" height=\"920\" src=\"https:\/\/artyplan.com\/wp-content\/uploads\/2025\/09\/Special-Olympics-Catalunya.png\" class=\"attachment-full size-full wp-image-8331\" alt=\"Special Olympics Catalunya\" srcset=\"https:\/\/artyplan.com\/wp-content\/uploads\/2025\/09\/Special-Olympics-Catalunya.png 751w, https:\/\/artyplan.com\/wp-content\/uploads\/2025\/09\/Special-Olympics-Catalunya-245x300.png 245w\" sizes=\"(max-width: 751px) 100vw, 751px\" \/><\/figure><div class=\"elementor-image-box-content\"><p class=\"elementor-image-box-description\">Agrupaci\u00f3 esportiva que t\u00e9 com a objectiu principal fomentar la pr\u00e0ctica de l\u2019esport i d\u2019altres activitats a l\u2019aire lliure per part de persones amb discapacitat intel\u00b7lectual.<\/p><\/div><\/div>\t\t\t\t<\/div>\n\t\t\t\t<\/div>\n\t\t\t\t<\/article>\n\t\t<article class=\"elementor-element elementor-element-c212546 e-con-full e-flex e-con e-child\" data-id=\"c212546\" data-element_type=\"container\" data-e-type=\"container\">\n\t\t\t\t<div class=\"elementor-element elementor-element-73d0258 elementor-position-top elementor-widget elementor-widget-image-box\" data-id=\"73d0258\" data-element_type=\"widget\" data-e-type=\"widget\" data-widget_type=\"image-box.default\">\n\t\t\t\t<div class=\"elementor-widget-container\">\n\t\t\t\t\t<div class=\"elementor-image-box-wrapper\"><figure class=\"elementor-image-box-img\"><img decoding=\"async\" width=\"645\" height=\"431\" src=\"https:\/\/artyplan.com\/wp-content\/uploads\/2025\/09\/helpingtohelp.jpg\" class=\"attachment-full size-full wp-image-8333\" alt=\"Helping to help\" srcset=\"https:\/\/artyplan.com\/wp-content\/uploads\/2025\/09\/helpingtohelp.jpg 645w, https:\/\/artyplan.com\/wp-content\/uploads\/2025\/09\/helpingtohelp-300x200.jpg 300w\" sizes=\"(max-width: 645px) 100vw, 645px\" \/><\/figure><div class=\"elementor-image-box-content\"><p class=\"elementor-image-box-description\">Treballen a favor de persones vulnerables i en risc d\u2019exclusi\u00f3 social, donant suport a projectes a pa\u00efsos d\u2019\u00c0frica, Am\u00e8rica Llatina i \u00c0sia, aix\u00ed com a Espanya. Especial atenci\u00f3 a la poblaci\u00f3 infantil i a les seves fam\u00edlies en l\u2019\u00e0mbit de l\u2019alimentaci\u00f3, la salut, l\u2019habitatge i l\u2019educaci\u00f3. <\/p><\/div><\/div>\t\t\t\t<\/div>\n\t\t\t\t<\/div>\n\t\t\t\t<\/article>\n\t\t<article class=\"elementor-element elementor-element-4e41b50 e-con-full e-flex e-con e-child\" data-id=\"4e41b50\" data-element_type=\"container\" data-e-type=\"container\">\n\t\t\t\t<div class=\"elementor-element elementor-element-408dab6 elementor-position-top elementor-widget elementor-widget-image-box\" data-id=\"408dab6\" data-element_type=\"widget\" data-e-type=\"widget\" data-widget_type=\"image-box.default\">\n\t\t\t\t<div class=\"elementor-widget-container\">\n\t\t\t\t\t<div class=\"elementor-image-box-wrapper\"><figure class=\"elementor-image-box-img\"><img decoding=\"async\" width=\"421\" height=\"321\" src=\"https:\/\/artyplan.com\/wp-content\/uploads\/2025\/09\/el-somni-dels-nens-800x500-1-1.png\" class=\"attachment-full size-full wp-image-8342\" alt=\"El somni dels nens\" srcset=\"https:\/\/artyplan.com\/wp-content\/uploads\/2025\/09\/el-somni-dels-nens-800x500-1-1.png 421w, https:\/\/artyplan.com\/wp-content\/uploads\/2025\/09\/el-somni-dels-nens-800x500-1-1-300x229.png 300w\" sizes=\"(max-width: 421px) 100vw, 421px\" \/><\/figure><div class=\"elementor-image-box-content\"><p class=\"elementor-image-box-description\">Tenen com a missi\u00f3 fer realitat els somnis de nens i nenes afectats de c\u00e0ncer o d\u2019altres malalties cr\u00f2niques, amb la finalitat de mantenir una actitud positiva durant el tractament.<\/p><\/div><\/div>\t\t\t\t<\/div>\n\t\t\t\t<\/div>\n\t\t\t\t<\/article>\n\t\t<article class=\"elementor-element elementor-element-418d1a9 e-con-full e-flex e-con e-child\" data-id=\"418d1a9\" data-element_type=\"container\" data-e-type=\"container\">\n\t\t\t\t<div class=\"elementor-element elementor-element-0e91346 elementor-position-top elementor-widget elementor-widget-image-box\" data-id=\"0e91346\" data-element_type=\"widget\" data-e-type=\"widget\" data-widget_type=\"image-box.default\">\n\t\t\t\t<div class=\"elementor-widget-container\">\n\t\t\t\t\t<div class=\"elementor-image-box-wrapper\"><figure class=\"elementor-image-box-img\"><img loading=\"lazy\" decoding=\"async\" width=\"392\" height=\"392\" src=\"https:\/\/artyplan.com\/wp-content\/uploads\/2025\/09\/logo-nasco-feeding-minds.jpg\" class=\"attachment-full size-full wp-image-8337\" alt=\"Nasco feeding minds\" srcset=\"https:\/\/artyplan.com\/wp-content\/uploads\/2025\/09\/logo-nasco-feeding-minds.jpg 392w, https:\/\/artyplan.com\/wp-content\/uploads\/2025\/09\/logo-nasco-feeding-minds-300x300.jpg 300w, https:\/\/artyplan.com\/wp-content\/uploads\/2025\/09\/logo-nasco-feeding-minds-150x150.jpg 150w\" sizes=\"(max-width: 392px) 100vw, 392px\" \/><\/figure><div class=\"elementor-image-box-content\"><p class=\"elementor-image-box-description\">El seu objectiu \u00e9s construir aules d\u2019inform\u00e0tica en escoles rurals de Ghana.<\/p><\/div><\/div>\t\t\t\t<\/div>\n\t\t\t\t<\/div>\n\t\t\t\t<\/article>\n\t\t\t\t\t<\/div>\n\t\t\t\t<\/div>\n\t\t<section class=\"elementor-element elementor-element-3d845d3 e-flex e-con-boxed e-con e-child\" data-id=\"3d845d3\" data-element_type=\"container\" data-e-type=\"container\" data-settings=\"{&quot;background_background&quot;:&quot;classic&quot;}\">\n\t\t\t\t\t<div class=\"e-con-inner\">\n\t\t\t\t<div class=\"elementor-element elementor-element-95fd57a elementor-widget elementor-widget-heading\" data-id=\"95fd57a\" data-element_type=\"widget\" data-e-type=\"widget\" data-widget_type=\"heading.default\">\n\t\t\t\t<div class=\"elementor-widget-container\">\n\t\t\t\t\t<h2 class=\"elementor-heading-title elementor-size-default\">La nostra xarxa de col\u00b7laboraci\u00f3 s\u2019est\u00e9n tamb\u00e9 a l\u2019\u00e0mbit cultural, on som mecenes i col\u00b7laboradors d\u2019entitats com:<\/h2>\t\t\t\t<\/div>\n\t\t\t\t<\/div>\n\t\t<article class=\"elementor-element elementor-element-3f19f2c e-con-full e-flex e-con e-child\" data-id=\"3f19f2c\" data-element_type=\"container\" data-e-type=\"container\">\n\t\t\t\t<div class=\"elementor-element elementor-element-00c0ca0 elementor-position-top elementor-widget elementor-widget-image-box\" data-id=\"00c0ca0\" data-element_type=\"widget\" data-e-type=\"widget\" data-widget_type=\"image-box.default\">\n\t\t\t\t<div class=\"elementor-widget-container\">\n\t\t\t\t\t<div class=\"elementor-image-box-wrapper\"><figure class=\"elementor-image-box-img\"><img loading=\"lazy\" decoding=\"async\" width=\"751\" height=\"401\" src=\"https:\/\/artyplan.com\/wp-content\/uploads\/2025\/11\/Palau-de-la-musica.png\" class=\"attachment-full size-full wp-image-12604\" alt=\"Palau de la musica\" srcset=\"https:\/\/artyplan.com\/wp-content\/uploads\/2025\/11\/Palau-de-la-musica.png 751w, https:\/\/artyplan.com\/wp-content\/uploads\/2025\/11\/Palau-de-la-musica-300x160.png 300w\" sizes=\"(max-width: 751px) 100vw, 751px\" \/><\/figure><div class=\"elementor-image-box-content\"><p class=\"elementor-image-box-description\">Estem molt orgullosos de ser mecenes del Palau de la M\u00fasica, contribuint a donar suport a les activitats que s\u2019hi realitzen i formant part d\u2019un dels s\u00edmbols m\u00e9s genu\u00efns de la cultura del nostre pa\u00eds.<\/p><\/div><\/div>\t\t\t\t<\/div>\n\t\t\t\t<\/div>\n\t\t\t\t<\/article>\n\t\t<article class=\"elementor-element elementor-element-464320e e-con-full e-flex e-con e-child\" data-id=\"464320e\" data-element_type=\"container\" data-e-type=\"container\">\n\t\t\t\t<div class=\"elementor-element elementor-element-666ebf3 elementor-position-top elementor-widget elementor-widget-image-box\" data-id=\"666ebf3\" data-element_type=\"widget\" data-e-type=\"widget\" data-widget_type=\"image-box.default\">\n\t\t\t\t<div class=\"elementor-widget-container\">\n\t\t\t\t\t<div class=\"elementor-image-box-wrapper\"><figure class=\"elementor-image-box-img\"><img loading=\"lazy\" decoding=\"async\" width=\"252\" height=\"236\" src=\"https:\/\/artyplan.com\/wp-content\/uploads\/2025\/11\/forcamiquel.png\" class=\"attachment-full size-full wp-image-12605\" alt=\"forcamiquel\" \/><\/figure><div class=\"elementor-image-box-content\"><p class=\"elementor-image-box-description\">Associaci\u00f3 per recaptar fons per a la lluita contra el c\u00e0ncer infantil a l\u2019Hospital Sant Joan de D\u00e9u.<\/p><\/div><\/div>\t\t\t\t<\/div>\n\t\t\t\t<\/div>\n\t\t\t\t<\/article>\n\t\t<article class=\"elementor-element elementor-element-3909889 e-con-full e-flex e-con e-child\" data-id=\"3909889\" data-element_type=\"container\" data-e-type=\"container\">\n\t\t\t\t<div class=\"elementor-element elementor-element-365c7d1 elementor-position-top elementor-widget elementor-widget-image-box\" data-id=\"365c7d1\" data-element_type=\"widget\" data-e-type=\"widget\" data-widget_type=\"image-box.default\">\n\t\t\t\t<div class=\"elementor-widget-container\">\n\t\t\t\t\t<div class=\"elementor-image-box-wrapper\"><figure class=\"elementor-image-box-img\"><img loading=\"lazy\" decoding=\"async\" width=\"751\" height=\"509\" src=\"https:\/\/artyplan.com\/wp-content\/uploads\/2025\/11\/Instituto-de-Arquitectura-Avanzada-de-Cataluna-.png\" class=\"attachment-full size-full wp-image-12606\" alt=\"Institut d\u2019Arquitectura Avan\u00e7ada de Catalunya.\" srcset=\"https:\/\/artyplan.com\/wp-content\/uploads\/2025\/11\/Instituto-de-Arquitectura-Avanzada-de-Cataluna-.png 751w, https:\/\/artyplan.com\/wp-content\/uploads\/2025\/11\/Instituto-de-Arquitectura-Avanzada-de-Cataluna--300x203.png 300w\" sizes=\"(max-width: 751px) 100vw, 751px\" \/><\/figure><div class=\"elementor-image-box-content\"><p class=\"elementor-image-box-description\">Col\u00b7laborem per fomentar la innovaci\u00f3 en la construcci\u00f3 de l\u2019h\u00e0bitat hum\u00e0. L\u2019IACC \u00e9s una fundaci\u00f3 sense \u00e0nim de lucre que connecta la recerca local d\u2019alta qualitat orientada a la innovaci\u00f3 amb una xarxa internacional d\u2019excel\u00b7l\u00e8ncia en els \u00e0mbits de la tecnologia, l\u2019arquitectura i la societat. <\/p><\/div><\/div>\t\t\t\t<\/div>\n\t\t\t\t<\/div>\n\t\t\t\t<\/article>\n\t\t<article class=\"elementor-element elementor-element-ad2981f e-con-full e-flex e-con e-child\" data-id=\"ad2981f\" data-element_type=\"container\" data-e-type=\"container\">\n\t\t\t\t<div class=\"elementor-element elementor-element-4bf4260 elementor-position-top elementor-widget elementor-widget-image-box\" data-id=\"4bf4260\" data-element_type=\"widget\" data-e-type=\"widget\" data-widget_type=\"image-box.default\">\n\t\t\t\t<div class=\"elementor-widget-container\">\n\t\t\t\t\t<div class=\"elementor-image-box-wrapper\"><figure class=\"elementor-image-box-img\"><img loading=\"lazy\" decoding=\"async\" width=\"751\" height=\"268\" src=\"https:\/\/artyplan.com\/wp-content\/uploads\/2025\/11\/UAlumni.png\" class=\"attachment-full size-full wp-image-12607\" alt=\"UAlumni\" srcset=\"https:\/\/artyplan.com\/wp-content\/uploads\/2025\/11\/UAlumni.png 751w, https:\/\/artyplan.com\/wp-content\/uploads\/2025\/11\/UAlumni-300x107.png 300w\" sizes=\"(max-width: 751px) 100vw, 751px\" \/><\/figure><div class=\"elementor-image-box-content\"><p class=\"elementor-image-box-description\">Amb l\u2019objectiu de potenciar la formaci\u00f3 professional universit\u00e0ria, col\u00b7laborem amb la Universitat de Vic \u2013 Universitat Central de Catalunya (UVic-UCC), en el marc del conjunt de beques que concedeix el col\u00b7lectiu UAlumni.<\/p><\/div><\/div>\t\t\t\t<\/div>\n\t\t\t\t<\/div>\n\t\t\t\t<\/article>\n\t\t<article class=\"elementor-element elementor-element-a5886d2 e-con-full e-flex e-con e-child\" data-id=\"a5886d2\" data-element_type=\"container\" data-e-type=\"container\">\n\t\t\t\t<div class=\"elementor-element elementor-element-d41098a elementor-position-top elementor-widget elementor-widget-image-box\" data-id=\"d41098a\" data-element_type=\"widget\" data-e-type=\"widget\" data-widget_type=\"image-box.default\">\n\t\t\t\t<div class=\"elementor-widget-container\">\n\t\t\t\t\t<div class=\"elementor-image-box-wrapper\"><figure class=\"elementor-image-box-img\"><img loading=\"lazy\" decoding=\"async\" width=\"2048\" height=\"1329\" src=\"https:\/\/artyplan.com\/wp-content\/uploads\/2025\/11\/Fundacion-PortAventura.png\" class=\"attachment-full size-full wp-image-12608\" alt=\"Fundaci\u00f3 PortAventura\" srcset=\"https:\/\/artyplan.com\/wp-content\/uploads\/2025\/11\/Fundacion-PortAventura.png 2048w, https:\/\/artyplan.com\/wp-content\/uploads\/2025\/11\/Fundacion-PortAventura-300x195.png 300w, https:\/\/artyplan.com\/wp-content\/uploads\/2025\/11\/Fundacion-PortAventura-1024x665.png 1024w, https:\/\/artyplan.com\/wp-content\/uploads\/2025\/11\/Fundacion-PortAventura-768x498.png 768w, https:\/\/artyplan.com\/wp-content\/uploads\/2025\/11\/Fundacion-PortAventura-1536x997.png 1536w\" sizes=\"(max-width: 2048px) 100vw, 2048px\" \/><\/figure><div class=\"elementor-image-box-content\"><p class=\"elementor-image-box-description\">Donem suport a iniciatives socials enfocades a ajudar persones amb problemes de salut mental per afavorir la seva integraci\u00f3 social i el seu benestar, millorar la qualitat de vida de persones amb discapacitat i ajudar nens amb malalties greus i les seves fam\u00edlies, amb la finalitat d\u2019oferir-los una experi\u00e8ncia \u00fanica com a part de la seva ter\u00e0pia.<\/p><\/div><\/div>\t\t\t\t<\/div>\n\t\t\t\t<\/div>\n\t\t\t\t<\/article>\n\t\t<article class=\"elementor-element elementor-element-0c18fbd e-con-full e-flex e-con e-child\" data-id=\"0c18fbd\" data-element_type=\"container\" data-e-type=\"container\">\n\t\t\t\t<div class=\"elementor-element elementor-element-1c8124d elementor-position-top elementor-widget elementor-widget-image-box\" data-id=\"1c8124d\" data-element_type=\"widget\" data-e-type=\"widget\" data-widget_type=\"image-box.default\">\n\t\t\t\t<div class=\"elementor-widget-container\">\n\t\t\t\t\t<div class=\"elementor-image-box-wrapper\"><figure class=\"elementor-image-box-img\"><img loading=\"lazy\" decoding=\"async\" width=\"750\" height=\"128\" src=\"https:\/\/artyplan.com\/wp-content\/uploads\/2025\/11\/Comertia.png\" class=\"attachment-full size-full wp-image-12609\" alt=\"Comertia\" srcset=\"https:\/\/artyplan.com\/wp-content\/uploads\/2025\/11\/Comertia.png 750w, https:\/\/artyplan.com\/wp-content\/uploads\/2025\/11\/Comertia-300x51.png 300w\" sizes=\"(max-width: 750px) 100vw, 750px\" \/><\/figure><div class=\"elementor-image-box-content\"><p class=\"elementor-image-box-description\">Formem part d\u2019aquesta associaci\u00f3 que agrupa empreses i marques de refer\u00e8ncia d\u2019origen familiar i local, que sabem conjugar tradici\u00f3 i innovaci\u00f3 per oferir als clients una proposta de productes i serveis diferenciada, en un entorn respectu\u00f3s i de proximitat.<\/p><\/div><\/div>\t\t\t\t<\/div>\n\t\t\t\t<\/div>\n\t\t\t\t<\/article>\n\t\t<article class=\"elementor-element elementor-element-5331703 e-con-full e-flex e-con e-child\" data-id=\"5331703\" data-element_type=\"container\" data-e-type=\"container\">\n\t\t\t\t<div class=\"elementor-element elementor-element-18c26f6 elementor-position-top elementor-widget elementor-widget-image-box\" data-id=\"18c26f6\" data-element_type=\"widget\" data-e-type=\"widget\" data-widget_type=\"image-box.default\">\n\t\t\t\t<div class=\"elementor-widget-container\">\n\t\t\t\t\t<div class=\"elementor-image-box-wrapper\"><figure class=\"elementor-image-box-img\"><img loading=\"lazy\" decoding=\"async\" width=\"279\" height=\"59\" src=\"https:\/\/artyplan.com\/wp-content\/uploads\/2025\/11\/logo-federacio-ateneus.png\" class=\"attachment-full size-full wp-image-12610\" alt=\"Federaci\u00f3 d&#039; Ateneus\" \/><\/figure><div class=\"elementor-image-box-content\"><p class=\"elementor-image-box-description\">Artyplan, compromesa amb el suport a la cultura i la tradici\u00f3 catalana, col\u00b7labora amb l\u2019Aplec dels Ateneus amb l\u2019objectiu de promoure la cohesi\u00f3 i l\u2019enriquiment cultural.<\/p><\/div><\/div>\t\t\t\t<\/div>\n\t\t\t\t<\/div>\n\t\t\t\t<\/article>\n\t\t<article class=\"elementor-element elementor-element-d703fa2 e-con-full e-flex e-con e-child\" data-id=\"d703fa2\" data-element_type=\"container\" data-e-type=\"container\">\n\t\t\t\t<div class=\"elementor-element elementor-element-e25549f elementor-position-top elementor-widget elementor-widget-image-box\" data-id=\"e25549f\" data-element_type=\"widget\" data-e-type=\"widget\" data-widget_type=\"image-box.default\">\n\t\t\t\t<div class=\"elementor-widget-container\">\n\t\t\t\t\t<div class=\"elementor-image-box-wrapper\"><figure class=\"elementor-image-box-img\"><img loading=\"lazy\" decoding=\"async\" width=\"336\" height=\"210\" src=\"https:\/\/artyplan.com\/wp-content\/uploads\/2025\/11\/fundacio-pasqual-maragall.png\" class=\"attachment-full size-full wp-image-12611\" alt=\"Fundaci\u00f3 Pasqual Maragall\" srcset=\"https:\/\/artyplan.com\/wp-content\/uploads\/2025\/11\/fundacio-pasqual-maragall.png 336w, https:\/\/artyplan.com\/wp-content\/uploads\/2025\/11\/fundacio-pasqual-maragall-300x188.png 300w\" sizes=\"(max-width: 336px) 100vw, 336px\" \/><\/figure><div class=\"elementor-image-box-content\"><p class=\"elementor-image-box-description\">La Fundaci\u00f3 Pasqual Maragall impulsa recerca cient\u00edfica avan\u00e7ada sobre l\u2019Alzheimer, promovent la prevenci\u00f3, la detecci\u00f3 preco\u00e7 i l\u2019acompanyament a fam\u00edlies, amb comprom\u00eds social, innovaci\u00f3 m\u00e8dica i l\u2019esperan\u00e7a d\u2019un futur sense aquesta malaltia neurodegenerativa.<\/p><\/div><\/div>\t\t\t\t<\/div>\n\t\t\t\t<\/div>\n\t\t\t\t<\/article>\n\t\t\t\t\t<\/div>\n\t\t\t\t<\/section>\n\t\t\t\t<\/main>\n\t\t\t\t<\/div>\n\t\t","protected":false},"excerpt":{"rendered":"<p>Comprom\u00eds social Des d\u2019Artyplan volem deixar empremta, no nom\u00e9s com a professionals dins del sector de la impremta, sin\u00f3 tamb\u00e9 a la nostra societat. Per aquest motiu, tenim molt clar el nostre suport a iniciatives que enriqueixin la nostra comunitat i reforcin el teixit cultural. Sabem que les sinergies amb organismes, institucions i entitats per [&hellip;]<\/p>\n","protected":false},"author":4,"featured_media":8390,"parent":11501,"menu_order":0,"comment_status":"closed","ping_status":"closed","template":"elementor_header_footer","meta":{"footnotes":""},"class_list":["post-11507","page","type-page","status-publish","has-post-thumbnail","hentry"],"yoast_head":"<!-- This site is optimized with the Yoast SEO Premium plugin v26.5 (Yoast SEO v26.5) - https:\/\/yoast.com\/wordpress\/plugins\/seo\/ -->\n<title>Comprom\u00eds social i sostenibilitat - Artyplan<\/title>\n<meta name=\"description\" content=\"Coneix el comprom\u00eds social d\u2019Artyplan: iniciatives solid\u00e0ries, gesti\u00f3 responsable i accions ambientals que generen valor.\" \/>\n<meta name=\"robots\" content=\"index, follow, max-snippet:-1, max-image-preview:large, max-video-preview:-1\" \/>\n<link rel=\"canonical\" href=\"https:\/\/artyplan.com\/ca\/empresa\/compromis-social\/\" \/>\n<meta property=\"og:locale\" content=\"ca_ES\" \/>\n<meta property=\"og:type\" content=\"article\" \/>\n<meta property=\"og:title\" content=\"Comprom\u00eds social\" \/>\n<meta property=\"og:description\" content=\"Coneix el comprom\u00eds social d\u2019Artyplan: iniciatives solid\u00e0ries, gesti\u00f3 responsable i accions ambientals que generen valor.\" \/>\n<meta property=\"og:url\" content=\"https:\/\/artyplan.com\/ca\/empresa\/compromis-social\/\" \/>\n<meta property=\"og:site_name\" content=\"Artyplan\" \/>\n<meta property=\"article:publisher\" content=\"https:\/\/www.facebook.com\/artyplan\" \/>\n<meta property=\"article:modified_time\" content=\"2025-11-11T11:19:54+00:00\" \/>\n<meta property=\"og:image\" content=\"https:\/\/artyplan.com\/wp-content\/uploads\/2025\/09\/compromiso-social.png\" \/>\n\t<meta property=\"og:image:width\" content=\"1344\" \/>\n\t<meta property=\"og:image:height\" content=\"768\" \/>\n\t<meta property=\"og:image:type\" content=\"image\/png\" \/>\n<meta name=\"twitter:card\" content=\"summary_large_image\" \/>\n<meta name=\"twitter:label1\" content=\"Temps estimat de lectura\" \/>\n\t<meta name=\"twitter:data1\" content=\"3 minuts\" \/>\n<script type=\"application\/ld+json\" class=\"yoast-schema-graph\">{\"@context\":\"https:\/\/schema.org\",\"@graph\":[{\"@type\":\"WebPage\",\"@id\":\"https:\/\/artyplan.com\/ca\/empresa\/compromis-social\/\",\"url\":\"https:\/\/artyplan.com\/ca\/empresa\/compromis-social\/\",\"name\":\"Comprom\u00eds social i sostenibilitat - Artyplan\",\"isPartOf\":{\"@id\":\"https:\/\/artyplan.com\/ca\/#website\"},\"primaryImageOfPage\":{\"@id\":\"https:\/\/artyplan.com\/ca\/empresa\/compromis-social\/#primaryimage\"},\"image\":{\"@id\":\"https:\/\/artyplan.com\/ca\/empresa\/compromis-social\/#primaryimage\"},\"thumbnailUrl\":\"https:\/\/artyplan.com\/wp-content\/uploads\/2025\/09\/compromiso-social.png\",\"datePublished\":\"2025-09-08T13:18:32+00:00\",\"dateModified\":\"2025-11-11T11:19:54+00:00\",\"description\":\"Coneix el comprom\u00eds social d\u2019Artyplan: iniciatives solid\u00e0ries, gesti\u00f3 responsable i accions ambientals que generen valor.\",\"breadcrumb\":{\"@id\":\"https:\/\/artyplan.com\/ca\/empresa\/compromis-social\/#breadcrumb\"},\"inLanguage\":\"ca\",\"potentialAction\":[{\"@type\":\"ReadAction\",\"target\":[\"https:\/\/artyplan.com\/ca\/empresa\/compromis-social\/\"]}]},{\"@type\":\"ImageObject\",\"inLanguage\":\"ca\",\"@id\":\"https:\/\/artyplan.com\/ca\/empresa\/compromis-social\/#primaryimage\",\"url\":\"https:\/\/artyplan.com\/wp-content\/uploads\/2025\/09\/compromiso-social.png\",\"contentUrl\":\"https:\/\/artyplan.com\/wp-content\/uploads\/2025\/09\/compromiso-social.png\",\"width\":1344,\"height\":768,\"caption\":\"Comprom\u00eds social\"},{\"@type\":\"BreadcrumbList\",\"@id\":\"https:\/\/artyplan.com\/ca\/empresa\/compromis-social\/#breadcrumb\",\"itemListElement\":[{\"@type\":\"ListItem\",\"position\":1,\"name\":\"Artyplan\",\"item\":\"https:\/\/artyplan.com\/ca\/\"},{\"@type\":\"ListItem\",\"position\":2,\"name\":\"Empresa\",\"item\":\"https:\/\/artyplan.com\/ca\/empresa\/\"},{\"@type\":\"ListItem\",\"position\":3,\"name\":\"Comprom\u00eds social\"}]},{\"@type\":\"WebSite\",\"@id\":\"https:\/\/artyplan.com\/ca\/#website\",\"url\":\"https:\/\/artyplan.com\/ca\/\",\"name\":\"Artyplan\",\"description\":\"\",\"publisher\":{\"@id\":\"https:\/\/artyplan.com\/ca\/#organization\"},\"potentialAction\":[{\"@type\":\"SearchAction\",\"target\":{\"@type\":\"EntryPoint\",\"urlTemplate\":\"https:\/\/artyplan.com\/ca\/?s={search_term_string}\"},\"query-input\":{\"@type\":\"PropertyValueSpecification\",\"valueRequired\":true,\"valueName\":\"search_term_string\"}}],\"inLanguage\":\"ca\"},{\"@type\":\"Organization\",\"@id\":\"https:\/\/artyplan.com\/ca\/#organization\",\"name\":\"Artyplan\",\"url\":\"https:\/\/artyplan.com\/ca\/\",\"logo\":{\"@type\":\"ImageObject\",\"inLanguage\":\"ca\",\"@id\":\"https:\/\/artyplan.com\/ca\/#\/schema\/logo\/image\/\",\"url\":\"https:\/\/artyplan.com\/wp-content\/uploads\/2025\/12\/Logo-artyplan-690x690-1.png\",\"contentUrl\":\"https:\/\/artyplan.com\/wp-content\/uploads\/2025\/12\/Logo-artyplan-690x690-1.png\",\"width\":690,\"height\":690,\"caption\":\"Artyplan\"},\"image\":{\"@id\":\"https:\/\/artyplan.com\/ca\/#\/schema\/logo\/image\/\"},\"sameAs\":[\"https:\/\/www.facebook.com\/artyplan\",\"https:\/\/www.instagram.com\/artyplan\/\",\"https:\/\/www.linkedin.com\/company\/artyplan\"],\"description\":\"Artyplan \u00e9s una empresa especialitzada en producci\u00f3 gr\u00e0fica i comunicaci\u00f3 visual amb 60 anys dexperi\u00e8ncia. Oferim solucions integrals d'impressi\u00f3 en gran format, PLV i retail, gesti\u00f3 d'esdeveniments i fires, disseny i fabricaci\u00f3 a mida, log\u00edstica i serveis d'instal\u00b7laci\u00f3 a tot el territori. Treballem per a marques, ag\u00e8ncies, espais comercials i institucions que necessiten un partner fiable per desenvolupar campanyes de m\u00e0rqueting, projectes de retail i accions de branding o m\u00e0rqueting. Combinem tecnologia avan\u00e7ada d\u00b4impressi\u00f3 digital, un equip expert i una gesti\u00f3 completa de projectes per garantir qualitat, agilitat i resultats a mida per a cada client. Disposem de plataformes B2B que faciliten als nostres clients la gesti\u00f3 de les comandes de materials impresos aix\u00ed com la log\u00edstica dels mateixos.\",\"email\":\"info@artyplan.com\",\"telephone\":\"+34 93 200 87 99\",\"legalName\":\"Artyplan S.L.\",\"vatID\":\"B61963229\",\"numberOfEmployees\":{\"@type\":\"QuantitativeValue\",\"minValue\":\"51\",\"maxValue\":\"200\"}}]}<\/script>\n<!-- \/ Yoast SEO Premium plugin. -->","yoast_head_json":{"title":"Comprom\u00eds social i sostenibilitat - Artyplan","description":"Coneix el comprom\u00eds social d\u2019Artyplan: iniciatives solid\u00e0ries, gesti\u00f3 responsable i accions ambientals que generen valor.","robots":{"index":"index","follow":"follow","max-snippet":"max-snippet:-1","max-image-preview":"max-image-preview:large","max-video-preview":"max-video-preview:-1"},"canonical":"https:\/\/artyplan.com\/ca\/empresa\/compromis-social\/","og_locale":"ca_ES","og_type":"article","og_title":"Comprom\u00eds social","og_description":"Coneix el comprom\u00eds social d\u2019Artyplan: iniciatives solid\u00e0ries, gesti\u00f3 responsable i accions ambientals que generen valor.","og_url":"https:\/\/artyplan.com\/ca\/empresa\/compromis-social\/","og_site_name":"Artyplan","article_publisher":"https:\/\/www.facebook.com\/artyplan","article_modified_time":"2025-11-11T11:19:54+00:00","og_image":[{"width":1344,"height":768,"url":"https:\/\/artyplan.com\/wp-content\/uploads\/2025\/09\/compromiso-social.png","type":"image\/png"}],"twitter_card":"summary_large_image","twitter_misc":{"Temps estimat de lectura":"3 minuts"},"schema":{"@context":"https:\/\/schema.org","@graph":[{"@type":"WebPage","@id":"https:\/\/artyplan.com\/ca\/empresa\/compromis-social\/","url":"https:\/\/artyplan.com\/ca\/empresa\/compromis-social\/","name":"Comprom\u00eds social i sostenibilitat - Artyplan","isPartOf":{"@id":"https:\/\/artyplan.com\/ca\/#website"},"primaryImageOfPage":{"@id":"https:\/\/artyplan.com\/ca\/empresa\/compromis-social\/#primaryimage"},"image":{"@id":"https:\/\/artyplan.com\/ca\/empresa\/compromis-social\/#primaryimage"},"thumbnailUrl":"https:\/\/artyplan.com\/wp-content\/uploads\/2025\/09\/compromiso-social.png","datePublished":"2025-09-08T13:18:32+00:00","dateModified":"2025-11-11T11:19:54+00:00","description":"Coneix el comprom\u00eds social d\u2019Artyplan: iniciatives solid\u00e0ries, gesti\u00f3 responsable i accions ambientals que generen valor.","breadcrumb":{"@id":"https:\/\/artyplan.com\/ca\/empresa\/compromis-social\/#breadcrumb"},"inLanguage":"ca","potentialAction":[{"@type":"ReadAction","target":["https:\/\/artyplan.com\/ca\/empresa\/compromis-social\/"]}]},{"@type":"ImageObject","inLanguage":"ca","@id":"https:\/\/artyplan.com\/ca\/empresa\/compromis-social\/#primaryimage","url":"https:\/\/artyplan.com\/wp-content\/uploads\/2025\/09\/compromiso-social.png","contentUrl":"https:\/\/artyplan.com\/wp-content\/uploads\/2025\/09\/compromiso-social.png","width":1344,"height":768,"caption":"Comprom\u00eds social"},{"@type":"BreadcrumbList","@id":"https:\/\/artyplan.com\/ca\/empresa\/compromis-social\/#breadcrumb","itemListElement":[{"@type":"ListItem","position":1,"name":"Artyplan","item":"https:\/\/artyplan.com\/ca\/"},{"@type":"ListItem","position":2,"name":"Empresa","item":"https:\/\/artyplan.com\/ca\/empresa\/"},{"@type":"ListItem","position":3,"name":"Comprom\u00eds social"}]},{"@type":"WebSite","@id":"https:\/\/artyplan.com\/ca\/#website","url":"https:\/\/artyplan.com\/ca\/","name":"Artyplan","description":"","publisher":{"@id":"https:\/\/artyplan.com\/ca\/#organization"},"potentialAction":[{"@type":"SearchAction","target":{"@type":"EntryPoint","urlTemplate":"https:\/\/artyplan.com\/ca\/?s={search_term_string}"},"query-input":{"@type":"PropertyValueSpecification","valueRequired":true,"valueName":"search_term_string"}}],"inLanguage":"ca"},{"@type":"Organization","@id":"https:\/\/artyplan.com\/ca\/#organization","name":"Artyplan","url":"https:\/\/artyplan.com\/ca\/","logo":{"@type":"ImageObject","inLanguage":"ca","@id":"https:\/\/artyplan.com\/ca\/#\/schema\/logo\/image\/","url":"https:\/\/artyplan.com\/wp-content\/uploads\/2025\/12\/Logo-artyplan-690x690-1.png","contentUrl":"https:\/\/artyplan.com\/wp-content\/uploads\/2025\/12\/Logo-artyplan-690x690-1.png","width":690,"height":690,"caption":"Artyplan"},"image":{"@id":"https:\/\/artyplan.com\/ca\/#\/schema\/logo\/image\/"},"sameAs":["https:\/\/www.facebook.com\/artyplan","https:\/\/www.instagram.com\/artyplan\/","https:\/\/www.linkedin.com\/company\/artyplan"],"description":"Artyplan \u00e9s una empresa especialitzada en producci\u00f3 gr\u00e0fica i comunicaci\u00f3 visual amb 60 anys dexperi\u00e8ncia. Oferim solucions integrals d'impressi\u00f3 en gran format, PLV i retail, gesti\u00f3 d'esdeveniments i fires, disseny i fabricaci\u00f3 a mida, log\u00edstica i serveis d'instal\u00b7laci\u00f3 a tot el territori. Treballem per a marques, ag\u00e8ncies, espais comercials i institucions que necessiten un partner fiable per desenvolupar campanyes de m\u00e0rqueting, projectes de retail i accions de branding o m\u00e0rqueting. Combinem tecnologia avan\u00e7ada d\u00b4impressi\u00f3 digital, un equip expert i una gesti\u00f3 completa de projectes per garantir qualitat, agilitat i resultats a mida per a cada client. Disposem de plataformes B2B que faciliten als nostres clients la gesti\u00f3 de les comandes de materials impresos aix\u00ed com la log\u00edstica dels mateixos.","email":"info@artyplan.com","telephone":"+34 93 200 87 99","legalName":"Artyplan S.L.","vatID":"B61963229","numberOfEmployees":{"@type":"QuantitativeValue","minValue":"51","maxValue":"200"}}]}},"_links":{"self":[{"href":"https:\/\/artyplan.com\/ca\/wp-json\/wp\/v2\/pages\/11507","targetHints":{"allow":["GET"]}}],"collection":[{"href":"https:\/\/artyplan.com\/ca\/wp-json\/wp\/v2\/pages"}],"about":[{"href":"https:\/\/artyplan.com\/ca\/wp-json\/wp\/v2\/types\/page"}],"author":[{"embeddable":true,"href":"https:\/\/artyplan.com\/ca\/wp-json\/wp\/v2\/users\/4"}],"replies":[{"embeddable":true,"href":"https:\/\/artyplan.com\/ca\/wp-json\/wp\/v2\/comments?post=11507"}],"version-history":[{"count":4,"href":"https:\/\/artyplan.com\/ca\/wp-json\/wp\/v2\/pages\/11507\/revisions"}],"predecessor-version":[{"id":12614,"href":"https:\/\/artyplan.com\/ca\/wp-json\/wp\/v2\/pages\/11507\/revisions\/12614"}],"up":[{"embeddable":true,"href":"https:\/\/artyplan.com\/ca\/wp-json\/wp\/v2\/pages\/11501"}],"wp:featuredmedia":[{"embeddable":true,"href":"https:\/\/artyplan.com\/ca\/wp-json\/wp\/v2\/media\/8390"}],"wp:attachment":[{"href":"https:\/\/artyplan.com\/ca\/wp-json\/wp\/v2\/media?parent=11507"}],"curies":[{"name":"wp","href":"https:\/\/api.w.org\/{rel}","templated":true}]}}